{"id":22511,"date":"2019-03-01T16:43:25","date_gmt":"2019-03-01T15:43:25","guid":{"rendered":"https:\/\/www.baiazzurra.com\/privacy-policy-gdpr\/"},"modified":"2024-03-08T16:38:58","modified_gmt":"2024-03-08T15:38:58","slug":"privacy-policy-gdpr","status":"publish","type":"page","link":"https:\/\/www.baiazzurra.com\/de\/privacy-policy-gdpr\/","title":{"rendered":"Privacy Policy &#8211; GDPR"},"content":{"rendered":"<div class=\"wpb-content-wrapper\"><p>[vc_row css_animation=&#8220;&#8220; row_type=&#8220;row&#8220; use_row_as_full_screen_section=&#8220;no&#8220; type=&#8220;grid&#8220; angled_section=&#8220;no&#8220; text_align=&#8220;left&#8220; background_image_as_pattern=&#8220;without_pattern&#8220;][vc_column][vc_empty_space height=&#8220;50px&#8220;][vc_column_text]<\/p>\n<h2 id=\"tw-target-text\" class=\"tw-data-text tw-text-large tw-ta\" dir=\"ltr\" data-placeholder=\"Traduzione\" data-ved=\"2ahUKEwjUobbDmuSEAxWRhP0HHXl1DJ0Q3ewLegQIDhAU\"><span class=\"Y2IQFc\" lang=\"de\">INFORMATIONEN ZUR VERARBEITUNG DER PERSONENBEZOGENEN DATEN DES KUNDEN<\/span><\/h2>\n<h5 id=\"tw-target-text\" class=\"tw-data-text tw-text-large tw-ta\" dir=\"ltr\" data-placeholder=\"Traduzione\" data-ved=\"2ahUKEwjUobbDmuSEAxWRhP0HHXl1DJ0Q3ewLegQIDhAU\"><span class=\"Y2IQFc\" lang=\"de\">GEM\u00c4SS ART. 13 Gesetzesdekret. 196\/2003 UND ART. 13 REG. EU 679\/2016<\/span><\/h5>\n<p id=\"tw-target-text\" class=\"tw-data-text tw-text-large tw-ta\" dir=\"ltr\" data-placeholder=\"Traduzione\" data-ved=\"2ahUKEwjUobbDmuSEAxWRhP0HHXl1DJ0Q3ewLegQIDhAU\"><span class=\"Y2IQFc\" lang=\"de\">Die Datenschutzverordnung (DSGVO) verpflichtet uns, Informationen \u00fcber die Verarbeitung von Daten bereitzustellen, die f\u00fcr die Durchf\u00fchrung des mit dem Kunden vereinbarten Arbeitsvertrags, die Bereitstellung der angeforderten Dienstleistungen\/Produkte und die damit verbundenen Aktivit\u00e4ten erforderlich sind. <\/span><\/p>\n<p class=\"tw-data-text tw-text-large tw-ta\" dir=\"ltr\" data-placeholder=\"Traduzione\" data-ved=\"2ahUKEwjUobbDmuSEAxWRhP0HHXl1DJ0Q3ewLegQIDhAU\"><span class=\"Y2IQFc\" lang=\"de\">Zur Datenschutzerkl\u00e4rung: <\/span><\/p>\n<p class=\"tw-data-text tw-text-large tw-ta\" dir=\"ltr\" data-placeholder=\"Traduzione\" data-ved=\"2ahUKEwjUobbDmuSEAxWRhP0HHXl1DJ0Q3ewLegQIDhAU\"><span class=\"Y2IQFc\" lang=\"de\">a) Wir, Baiazzurra SAS, di Vittorio Piras &amp; C., Via S. Avendrace, 50 \u2013 09100 Cagliari \u2013 ITALIEN, sind Datenverantwortliche; <\/span><\/p>\n<p class=\"tw-data-text tw-text-large tw-ta\" dir=\"ltr\" data-placeholder=\"Traduzione\" data-ved=\"2ahUKEwjUobbDmuSEAxWRhP0HHXl1DJ0Q3ewLegQIDhAU\"><span class=\"Y2IQFc\" lang=\"de\">b) Der Kunde ist der Interessent und hat die Rechte und Pflichten, die wir im Folgenden erl\u00e4utern. 1. Behandlung <\/span><\/p>\n<p class=\"tw-data-text tw-text-large tw-ta\" dir=\"ltr\" data-placeholder=\"Traduzione\" data-ved=\"2ahUKEwjUobbDmuSEAxWRhP0HHXl1DJ0Q3ewLegQIDhAU\"><span class=\"Y2IQFc\" lang=\"de\">1.1. Der Datenverantwortliche, dessen Daten in der Einleitung angegeben sind, verarbeitet die Daten gem\u00e4\u00df den Grunds\u00e4tzen der Rechtm\u00e4\u00dfigkeit, Korrektheit, Transparenz, Zweck- und Aufbewahrungsbeschr\u00e4nkung, Datenminimierung, Genauigkeit, Integrit\u00e4t und Vertraulichkeit. <\/span><\/p>\n<p class=\"tw-data-text tw-text-large tw-ta\" dir=\"ltr\" data-placeholder=\"Traduzione\" data-ved=\"2ahUKEwjUobbDmuSEAxWRhP0HHXl1DJ0Q3ewLegQIDhAU\"><span class=\"Y2IQFc\" lang=\"de\">2. Zweck, Datenkategorien und Rechtsgrundlage der Verarbeitung <\/span><\/p>\n<p class=\"tw-data-text tw-text-large tw-ta\" dir=\"ltr\" data-placeholder=\"Traduzione\" data-ved=\"2ahUKEwjUobbDmuSEAxWRhP0HHXl1DJ0Q3ewLegQIDhAU\"><span class=\"Y2IQFc\" lang=\"de\">2.1. Der Datenverantwortliche f\u00fchrt die Verarbeitung zu folgenden Zwecken durch: <\/span><\/p>\n<p class=\"tw-data-text tw-text-large tw-ta\" dir=\"ltr\" data-placeholder=\"Traduzione\" data-ved=\"2ahUKEwjUobbDmuSEAxWRhP0HHXl1DJ0Q3ewLegQIDhAU\"><span class=\"Y2IQFc\" lang=\"de\">a) auf Wunsch des Kunden den Vertrag oder bestimmte von Ihnen gestellte W\u00fcnsche bereits vor Abschluss eines Vertragsverh\u00e4ltnisses zu erf\u00fcllen (z.\u00a0<\/span><span class=\"Y2IQFc\" lang=\"de\">B. zur Kontaktaufnahme und Lieferung der angeforderten Dienstleistungen\/Produkte oder zur Mitteilung, dass die angeforderte Dienstleistungen\/Produkte sind bereit\/verf\u00fcgbar); <\/span><\/p>\n<p class=\"tw-data-text tw-text-large tw-ta\" dir=\"ltr\" data-placeholder=\"Traduzione\" data-ved=\"2ahUKEwjUobbDmuSEAxWRhP0HHXl1DJ0Q3ewLegQIDhAU\"><span class=\"Y2IQFc\" lang=\"de\">b) Verpflichtungen aus einem Vertragsverh\u00e4ltnis zu erf\u00fcllen; <\/span><\/p>\n<p class=\"tw-data-text tw-text-large tw-ta\" dir=\"ltr\" data-placeholder=\"Traduzione\" data-ved=\"2ahUKEwjUobbDmuSEAxWRhP0HHXl1DJ0Q3ewLegQIDhAU\"><span class=\"Y2IQFc\" lang=\"de\">c) kommerzielle Kommunikation durchf\u00fchren, Steuerdokumente per Telefon, E-Mail, SMS und Fax versenden; <\/span><\/p>\n<p class=\"tw-data-text tw-text-large tw-ta\" dir=\"ltr\" data-placeholder=\"Traduzione\" data-ved=\"2ahUKEwjUobbDmuSEAxWRhP0HHXl1DJ0Q3ewLegQIDhAU\"><span class=\"Y2IQFc\" lang=\"de\">d) Daten \u00fcber angeforderte Angebote und Informationen zu archivieren. <\/span><\/p>\n<p class=\"tw-data-text tw-text-large tw-ta\" dir=\"ltr\" data-placeholder=\"Traduzione\" data-ved=\"2ahUKEwjUobbDmuSEAxWRhP0HHXl1DJ0Q3ewLegQIDhAU\"><span class=\"Y2IQFc\" lang=\"de\">e) administrative, finanzielle, buchhalterische und\/oder steuerliche Pflichten zu erf\u00fcllen; <\/span><\/p>\n<p class=\"tw-data-text tw-text-large tw-ta\" dir=\"ltr\" data-placeholder=\"Traduzione\" data-ved=\"2ahUKEwjUobbDmuSEAxWRhP0HHXl1DJ0Q3ewLegQIDhAU\"><span class=\"Y2IQFc\" lang=\"de\">f) alle durch Gesetz und\/oder eine Anordnung der Beh\u00f6rde festgelegten Verpflichtungen zu erf\u00fcllen; g) ggf. zur Geltendmachung oder Verteidigung eines Rechts vor Gericht; <\/span><\/p>\n<p class=\"tw-data-text tw-text-large tw-ta\" dir=\"ltr\" data-placeholder=\"Traduzione\" data-ved=\"2ahUKEwjUobbDmuSEAxWRhP0HHXl1DJ0Q3ewLegQIDhAU\"><span class=\"Y2IQFc\" lang=\"de\">2.2. Der Datenverantwortliche verarbeitet Daten in den folgenden Kategorien: Vorname, Nachname, Steuerdaten, Adresse, E-Mail-Adresse, Telefonnummer (oder andere Kontaktart).<\/span><\/p>\n<p id=\"tw-target-text\" class=\"tw-data-text tw-text-large tw-ta\" dir=\"ltr\" data-placeholder=\"Traduzione\" data-ved=\"2ahUKEwjUobbDmuSEAxWRhP0HHXl1DJ0Q3ewLegQIDhAU\"><span class=\"Y2IQFc\" lang=\"de\">2.3. Die Rechtsgrundlagen der Verarbeitung lauten wie folgt, unterteilt nach Datenkategorien: <\/span><\/p>\n<p class=\"tw-data-text tw-text-large tw-ta\" dir=\"ltr\" data-placeholder=\"Traduzione\" data-ved=\"2ahUKEwjUobbDmuSEAxWRhP0HHXl1DJ0Q3ewLegQIDhAU\"><span class=\"Y2IQFc\" lang=\"de\">a) Identifikationsdaten: Einwilligung des Interessenten und\/oder Notwendigkeit zur Erf\u00fcllung der in den vorstehenden Punkten 2.1 a-e genannten Verpflichtungen; <\/span><\/p>\n<p class=\"tw-data-text tw-text-large tw-ta\" dir=\"ltr\" data-placeholder=\"Traduzione\" data-ved=\"2ahUKEwjUobbDmuSEAxWRhP0HHXl1DJ0Q3ewLegQIDhAU\"><span class=\"Y2IQFc\" lang=\"de\">b) Steuerdaten: Notwendigkeit zur Erf\u00fcllung der in den vorherigen Punkten 2.1 c-e genannten Verpflichtungen. <\/span><\/p>\n<p class=\"tw-data-text tw-text-large tw-ta\" dir=\"ltr\" data-placeholder=\"Traduzione\" data-ved=\"2ahUKEwjUobbDmuSEAxWRhP0HHXl1DJ0Q3ewLegQIDhAU\"><span class=\"Y2IQFc\" lang=\"de\">3. Behandlungsmethoden <\/span><\/p>\n<p class=\"tw-data-text tw-text-large tw-ta\" dir=\"ltr\" data-placeholder=\"Traduzione\" data-ved=\"2ahUKEwjUobbDmuSEAxWRhP0HHXl1DJ0Q3ewLegQIDhAU\"><span class=\"Y2IQFc\" lang=\"de\">3.1. Die Daten werden sein: <\/span><\/p>\n<p class=\"tw-data-text tw-text-large tw-ta\" dir=\"ltr\" data-placeholder=\"Traduzione\" data-ved=\"2ahUKEwjUobbDmuSEAxWRhP0HHXl1DJ0Q3ewLegQIDhAU\"><span class=\"Y2IQFc\" lang=\"de\">a) elektronisch und\/oder auf Papier erhoben; <\/span><\/p>\n<p class=\"tw-data-text tw-text-large tw-ta\" dir=\"ltr\" data-placeholder=\"Traduzione\" data-ved=\"2ahUKEwjUobbDmuSEAxWRhP0HHXl1DJ0Q3ewLegQIDhAU\"><span class=\"Y2IQFc\" lang=\"de\">b) in digitaler Form auf Computern aufgezeichnet und\/oder in Papierarchiven aufbewahrt werden, die ausschlie\u00dflich dem Datenverantwortlichen zur Verf\u00fcgung stehen; <\/span><\/p>\n<p class=\"tw-data-text tw-text-large tw-ta\" dir=\"ltr\" data-placeholder=\"Traduzione\" data-ved=\"2ahUKEwjUobbDmuSEAxWRhP0HHXl1DJ0Q3ewLegQIDhAU\"><span class=\"Y2IQFc\" lang=\"de\">c) durch effiziente physische, logische und organisatorische Sicherheitsma\u00dfnahmen vor den Risiken der Zerst\u00f6rung, \u00c4nderung, L\u00f6schung und unbefugten Zugriff gesch\u00fctzt; <\/span><\/p>\n<p class=\"tw-data-text tw-text-large tw-ta\" dir=\"ltr\" data-placeholder=\"Traduzione\" data-ved=\"2ahUKEwjUobbDmuSEAxWRhP0HHXl1DJ0Q3ewLegQIDhAU\"><span class=\"Y2IQFc\" lang=\"de\">d) weiterverarbeitet, auch auf Papier, in dem Umfang und innerhalb der Zeit, die f\u00fcr die Umsetzung der oben genannten Zwecke unbedingt erforderlich ist. <\/span><\/p>\n<p class=\"tw-data-text tw-text-large tw-ta\" dir=\"ltr\" data-placeholder=\"Traduzione\" data-ved=\"2ahUKEwjUobbDmuSEAxWRhP0HHXl1DJ0Q3ewLegQIDhAU\"><span class=\"Y2IQFc\" lang=\"de\">4. Kommunikation mit den Empf\u00e4ngern und Verbreitung <\/span><\/p>\n<p class=\"tw-data-text tw-text-large tw-ta\" dir=\"ltr\" data-placeholder=\"Traduzione\" data-ved=\"2ahUKEwjUobbDmuSEAxWRhP0HHXl1DJ0Q3ewLegQIDhAU\"><span class=\"Y2IQFc\" lang=\"de\">4.1. Die Daten werden m\u00f6glicherweise an dritte Empf\u00e4nger (einschlie\u00dflich der \u00f6ffentlichen Verwaltung oder der Justizbeh\u00f6rde) nur in dem Umfang weitergegeben, der f\u00fcr die oben genannten Zwecke unbedingt erforderlich ist, oder in jedem Fall nur zur Einhaltung gesetzlicher Vorschriften oder auf Anordnung der Beh\u00f6rde. <\/span><\/p>\n<p class=\"tw-data-text tw-text-large tw-ta\" dir=\"ltr\" data-placeholder=\"Traduzione\" data-ved=\"2ahUKEwjUobbDmuSEAxWRhP0HHXl1DJ0Q3ewLegQIDhAU\"><span class=\"Y2IQFc\" lang=\"de\">4.2. Die Empf\u00e4ngerkategorien sind wie folgt: <\/span><\/p>\n<p class=\"tw-data-text tw-text-large tw-ta\" dir=\"ltr\" data-placeholder=\"Traduzione\" data-ved=\"2ahUKEwjUobbDmuSEAxWRhP0HHXl1DJ0Q3ewLegQIDhAU\"><span class=\"Y2IQFc\" lang=\"de\">a) Gegenst\u00e4nde, die f\u00fcr die Ausf\u00fchrung von T\u00e4tigkeiten erforderlich sind, die mit der Ausf\u00fchrung des Vertrags verbunden sind und sich daraus ergeben; <\/span><\/p>\n<p class=\"tw-data-text tw-text-large tw-ta\" dir=\"ltr\" data-placeholder=\"Traduzione\" data-ved=\"2ahUKEwjUobbDmuSEAxWRhP0HHXl1DJ0Q3ewLegQIDhAU\"><span class=\"Y2IQFc\" lang=\"de\">b) Beauftragte und vom Datenverantwortlichen autorisierte Personen, die zur Vertraulichkeit verpflichtet sind oder eine angemessene gesetzliche Verpflichtung zur Vertraulichkeit haben (z. B. Mitarbeiter und Mitarbeiter des Datenverantwortlichen);<\/span><\/p>\n<p id=\"tw-target-text\" class=\"tw-data-text tw-text-large tw-ta\" dir=\"ltr\" data-placeholder=\"Traduzione\" data-ved=\"2ahUKEwjUobbDmuSEAxWRhP0HHXl1DJ0Q3ewLegQIDhAU\"><span class=\"Y2IQFc\" lang=\"de\">4.3. Der Datenverantwortliche muss m\u00f6glicherweise auch Daten \u00fcbermitteln, um gesetzliche Verpflichtungen zu erf\u00fcllen oder Anordnungen von Beh\u00f6rden, einschlie\u00dflich Justizbeh\u00f6rden, nachzukommen. <\/span><\/p>\n<p class=\"tw-data-text tw-text-large tw-ta\" dir=\"ltr\" data-placeholder=\"Traduzione\" data-ved=\"2ahUKEwjUobbDmuSEAxWRhP0HHXl1DJ0Q3ewLegQIDhAU\"><span class=\"Y2IQFc\" lang=\"de\">4.4. Die Daten werden nicht weitergegeben. <\/span><\/p>\n<p class=\"tw-data-text tw-text-large tw-ta\" dir=\"ltr\" data-placeholder=\"Traduzione\" data-ved=\"2ahUKEwjUobbDmuSEAxWRhP0HHXl1DJ0Q3ewLegQIDhAU\"><span class=\"Y2IQFc\" lang=\"de\">5. Dauer der Datenspeicherung <\/span><\/p>\n<p class=\"tw-data-text tw-text-large tw-ta\" dir=\"ltr\" data-placeholder=\"Traduzione\" data-ved=\"2ahUKEwjUobbDmuSEAxWRhP0HHXl1DJ0Q3ewLegQIDhAU\"><span class=\"Y2IQFc\" lang=\"de\">5.1. Der Datenverantwortliche speichert seine Daten so lange, wie es zur Erreichung der in Punkt 2 genannten Zwecke erforderlich ist, auf jeden Fall jedoch nicht l\u00e4nger als f\u00fcnfzehn Jahre. <\/span><\/p>\n<p class=\"tw-data-text tw-text-large tw-ta\" dir=\"ltr\" data-placeholder=\"Traduzione\" data-ved=\"2ahUKEwjUobbDmuSEAxWRhP0HHXl1DJ0Q3ewLegQIDhAU\"><span class=\"Y2IQFc\" lang=\"de\">6. Obligatorischer Charakter der Datenkommunikation <\/span><\/p>\n<p class=\"tw-data-text tw-text-large tw-ta\" dir=\"ltr\" data-placeholder=\"Traduzione\" data-ved=\"2ahUKEwjUobbDmuSEAxWRhP0HHXl1DJ0Q3ewLegQIDhAU\"><span class=\"Y2IQFc\" lang=\"de\">6.1. Datenkommunikation ist: zwingend erforderlich, im Hinblick auf die Ausf\u00fchrung des Vertrags oder die Erf\u00fcllung gesetzlicher Verpflichtungen oder Anordnungen der \u00f6ffentlichen Hand; optional, im Hinblick auf andere Dienstleistungen, die Sie m\u00f6glicherweise anfordern. <\/span><\/p>\n<p class=\"tw-data-text tw-text-large tw-ta\" dir=\"ltr\" data-placeholder=\"Traduzione\" data-ved=\"2ahUKEwjUobbDmuSEAxWRhP0HHXl1DJ0Q3ewLegQIDhAU\"><span class=\"Y2IQFc\" lang=\"de\">7. Folgen der Verweigerung der Daten\u00fcbermittlung <\/span><\/p>\n<p class=\"tw-data-text tw-text-large tw-ta\" dir=\"ltr\" data-placeholder=\"Traduzione\" data-ved=\"2ahUKEwjUobbDmuSEAxWRhP0HHXl1DJ0Q3ewLegQIDhAU\"><span class=\"Y2IQFc\" lang=\"de\">7.1. Im Falle einer Verweigerung der Mitteilung der gem\u00e4\u00df vorstehender Ziffer 6.1 a) erforderlichen personenbezogenen Daten ist eine Vertragserf\u00fcllung nicht m\u00f6glich. <\/span><\/p>\n<p class=\"tw-data-text tw-text-large tw-ta\" dir=\"ltr\" data-placeholder=\"Traduzione\" data-ved=\"2ahUKEwjUobbDmuSEAxWRhP0HHXl1DJ0Q3ewLegQIDhAU\"><span class=\"Y2IQFc\" lang=\"de\">7.2. Im Falle einer Weigerung, die gem\u00e4\u00df dem vorherigen Punkt 6.1 <\/span><\/p>\n<p class=\"tw-data-text tw-text-large tw-ta\" dir=\"ltr\" data-placeholder=\"Traduzione\" data-ved=\"2ahUKEwjUobbDmuSEAxWRhP0HHXl1DJ0Q3ewLegQIDhAU\"><span class=\"Y2IQFc\" lang=\"de\">b) erforderlichen personenbezogenen Daten mitzuteilen, ist die Erbringung weiterer angeforderter Dienstleistungen m\u00f6glicherweise nicht m\u00f6glich. <\/span><\/p>\n<p class=\"tw-data-text tw-text-large tw-ta\" dir=\"ltr\" data-placeholder=\"Traduzione\" data-ved=\"2ahUKEwjUobbDmuSEAxWRhP0HHXl1DJ0Q3ewLegQIDhAU\"><span class=\"Y2IQFc\" lang=\"de\">8. Rechte des Interessenten <\/span><\/p>\n<p class=\"tw-data-text tw-text-large tw-ta\" dir=\"ltr\" data-placeholder=\"Traduzione\" data-ved=\"2ahUKEwjUobbDmuSEAxWRhP0HHXl1DJ0Q3ewLegQIDhAU\"><span class=\"Y2IQFc\" lang=\"de\">8.1. Der Interessent hat das Recht: <\/span><\/p>\n<p class=\"tw-data-text tw-text-large tw-ta\" dir=\"ltr\" data-placeholder=\"Traduzione\" data-ved=\"2ahUKEwjUobbDmuSEAxWRhP0HHXl1DJ0Q3ewLegQIDhAU\"><span class=\"Y2IQFc\" lang=\"de\">a) auf Ihre vom Datenverantwortlichen gespeicherten Daten zuzugreifen; <\/span><\/p>\n<p class=\"tw-data-text tw-text-large tw-ta\" dir=\"ltr\" data-placeholder=\"Traduzione\" data-ved=\"2ahUKEwjUobbDmuSEAxWRhP0HHXl1DJ0Q3ewLegQIDhAU\"><span class=\"Y2IQFc\" lang=\"de\">b) eine Berichtigung und\/oder L\u00f6schung (\u201eVergessenheit\u201c) verlangen; <\/span><\/p>\n<p class=\"tw-data-text tw-text-large tw-ta\" dir=\"ltr\" data-placeholder=\"Traduzione\" data-ved=\"2ahUKEwjUobbDmuSEAxWRhP0HHXl1DJ0Q3ewLegQIDhAU\"><span class=\"Y2IQFc\" lang=\"de\">c) die Einschr\u00e4nkung beantragen oder sich der Verarbeitung widersetzen; <\/span><\/p>\n<p class=\"tw-data-text tw-text-large tw-ta\" dir=\"ltr\" data-placeholder=\"Traduzione\" data-ved=\"2ahUKEwjUobbDmuSEAxWRhP0HHXl1DJ0Q3ewLegQIDhAU\"><span class=\"Y2IQFc\" lang=\"de\">d) Daten\u00fcbertragbarkeit beantragen; <\/span><\/p>\n<p class=\"tw-data-text tw-text-large tw-ta\" dir=\"ltr\" data-placeholder=\"Traduzione\" data-ved=\"2ahUKEwjUobbDmuSEAxWRhP0HHXl1DJ0Q3ewLegQIDhAU\"><span class=\"Y2IQFc\" lang=\"de\">e) eine Beschwerde bei einer Aufsichtsbeh\u00f6rde einreichen. <\/span><\/p>\n<p class=\"tw-data-text tw-text-large tw-ta\" dir=\"ltr\" data-placeholder=\"Traduzione\" data-ved=\"2ahUKEwjUobbDmuSEAxWRhP0HHXl1DJ0Q3ewLegQIDhAU\"><span class=\"Y2IQFc\" lang=\"de\">8.2. Der Interessent hat auch die in der Kunst genannten Rechte. 7 des Datenschutzgesetzes, die oben nicht ausdr\u00fccklich erw\u00e4hnt wurden (d. h. um eine Best\u00e4tigung \u00fcber die Existenz der ihn betreffenden Daten und deren \u00dcbermittlung in verst\u00e4ndlicher Form, die Angabe ihrer Herkunft, die Identifikationsdaten der f\u00fcr die Datenverarbeitung Verantwortlichen, die Umwandlung in anonyme Form der Daten zu erhalten Daten oder deren Sperrung, wenn die Verarbeitung unter Versto\u00df gegen das Datenschutzgesetz erfolgt. <\/span><\/p>\n<p class=\"tw-data-text tw-text-large tw-ta\" dir=\"ltr\" data-placeholder=\"Traduzione\" data-ved=\"2ahUKEwjUobbDmuSEAxWRhP0HHXl1DJ0Q3ewLegQIDhAU\"><span class=\"Y2IQFc\" lang=\"de\">8.3. Der Kunde kann seine Rechte durch eine Anfrage per E-Mail an die Adresse geltend machen\u00a0<\/span><a href=\"mailto:info@baiazzurra.com\">info@baiazzurra.com<\/a>\u00a0<span class=\"Y2IQFc\" lang=\"de\">oder per Fax an die Nummer +39 070 273695. <\/span><\/p>\n<p class=\"tw-data-text tw-text-large tw-ta\" dir=\"ltr\" data-placeholder=\"Traduzione\" data-ved=\"2ahUKEwjUobbDmuSEAxWRhP0HHXl1DJ0Q3ewLegQIDhAU\"><span class=\"Y2IQFc\" lang=\"de\">8.4. Der Kunde kann den Datenverantwortlichen unter den folgenden Telefonnummern +39 070 273695 \u2013 +39 070 991494 oder per E-Mail unter kontaktieren\u00a0<\/span><a href=\"mailto:info@baiazzurra.com\">info@baiazzurra.com<\/a>.<\/p>\n<p>[\/vc_column_text][vc_empty_space height=&#8220;50px&#8220;][\/vc_column][\/vc_row][vc_row css_animation=&#8220;&#8220; row_type=&#8220;row&#8220; use_row_as_full_screen_section=&#8220;no&#8220; type=&#8220;full_width&#8220; angled_section=&#8220;no&#8220; text_align=&#8220;left&#8220; background_image_as_pattern=&#8220;without_pattern&#8220; background_color=&#8220;#354256&#8243;][vc_column][vc_row_inner row_type=&#8220;row&#8220; type=&#8220;grid&#8220; text_align=&#8220;left&#8220; css_animation=&#8220;&#8220;][vc_column_inner width=&#8220;3\/12&#8243;][vc_single_image image=&#8220;15451&#8243; img_size=&#8220;full&#8220; qode_css_animation=&#8220;&#8220;][\/vc_column_inner][vc_column_inner width=&#8220;5\/12&#8243;][vc_separator type=&#8220;transparent&#8220; up=&#8220;38&#8243; down=&#8220;0&#8243;][\/vc_column_inner][vc_column_inner width=&#8220;4\/12&#8243;][vc_separator type=&#8220;transparent&#8220; up=&#8220;25&#8243; down=&#8220;0&#8243;]<span class='q_social_icon_holder square_social' data-color=#a0a4ac data-hover-background-color=#bb2222 data-hover-color=#ffffff><a itemprop='url' href='https:\/\/www.facebook.com\/baiazzurra.costarei' target='_blank'><span class='fa-stack ' style='background-color: #455163;border-width: 0px;margin: 0 4px 0 0;font-size: 25px;'><i class=\"qode_icon_font_awesome fa fa-facebook \" style=\"color: #a0a4ac;font-size: 22px;\" ><\/i><\/span><\/a><\/span>[\/vc_column_inner][\/vc_row_inner][\/vc_column][\/vc_row]<\/p>\n<\/div>","protected":false},"excerpt":{"rendered":"<p>[vc_row css_animation=&#8220;&#8220; row_type=&#8220;row&#8220; use_row_as_full_screen_section=&#8220;no&#8220; type=&#8220;grid&#8220; angled_section=&#8220;no&#8220; text_align=&#8220;left&#8220; background_image_as_pattern=&#8220;without_pattern&#8220;][vc_column][vc_empty_space height=&#8220;50px&#8220;][vc_column_text] INFORMATIONEN ZUR VERARBEITUNG DER PERSONENBEZOGENEN DATEN DES KUNDEN GEM\u00c4SS ART. 13 Gesetzesdekret. 196\/2003 UND ART. 13 REG. EU 679\/2016 Die Datenschutzverordnung (DSGVO) verpflichtet uns, Informationen \u00fcber die Verarbeitung von Daten bereitzustellen, die f\u00fcr die Durchf\u00fchrung des&#8230;<\/p>\n","protected":false},"author":1,"featured_media":0,"parent":0,"menu_order":0,"comment_status":"closed","ping_status":"closed","template":"full_width.php","meta":{"footnotes":""},"class_list":["post-22511","page","type-page","status-publish","hentry"],"_links":{"self":[{"href":"https:\/\/www.baiazzurra.com\/de\/wp-json\/wp\/v2\/pages\/22511","targetHints":{"allow":["GET"]}}],"collection":[{"href":"https:\/\/www.baiazzurra.com\/de\/wp-json\/wp\/v2\/pages"}],"about":[{"href":"https:\/\/www.baiazzurra.com\/de\/wp-json\/wp\/v2\/types\/page"}],"author":[{"embeddable":true,"href":"https:\/\/www.baiazzurra.com\/de\/wp-json\/wp\/v2\/users\/1"}],"replies":[{"embeddable":true,"href":"https:\/\/www.baiazzurra.com\/de\/wp-json\/wp\/v2\/comments?post=22511"}],"version-history":[{"count":0,"href":"https:\/\/www.baiazzurra.com\/de\/wp-json\/wp\/v2\/pages\/22511\/revisions"}],"wp:attachment":[{"href":"https:\/\/www.baiazzurra.com\/de\/wp-json\/wp\/v2\/media?parent=22511"}],"curies":[{"name":"wp","href":"https:\/\/api.w.org\/{rel}","templated":true}]}}